{"id":1366,"date":"2018-02-20T21:26:41","date_gmt":"2018-02-20T21:26:41","guid":{"rendered":"http:\/\/artecb.com.ar\/cb\/?page_id=1366"},"modified":"2026-01-15T01:21:08","modified_gmt":"2026-01-15T01:21:08","slug":"curriculum","status":"publish","type":"page","link":"https:\/\/artecb.com.ar\/cb\/curriculum\/","title":{"rendered":"Curriculum"},"content":{"rendered":"\t\t<div data-elementor-type=\"wp-page\" data-elementor-id=\"1366\" class=\"elementor elementor-1366\">\n\t\t\t\t<div class=\"elementor-element elementor-element-487e2885 e-flex e-con-boxed e-con e-parent\" data-id=\"487e2885\" data-element_type=\"container\" data-e-type=\"container\">\n\t\t\t\t\t<div class=\"e-con-inner\">\n\t\t<div class=\"elementor-element elementor-element-ce8d4e6 e-con-full e-flex e-con e-child\" data-id=\"ce8d4e6\" data-element_type=\"container\" data-e-type=\"container\">\n\t\t\t\t<div class=\"elementor-element elementor-element-2529941 elementor-widget elementor-widget-heading\" data-id=\"2529941\" data-element_type=\"widget\" data-e-type=\"widget\" data-widget_type=\"heading.default\">\n\t\t\t\t<div class=\"elementor-widget-container\">\n\t\t\t\t\t<h2 class=\"elementor-heading-title elementor-size-default\"><h1 style=\"text-align: center\">CURRICULUM VITAE<\/h1><h2 style=\"text-align: center\">Carlos Oscar Beaudean<\/h2><\/h2>\t\t\t\t<\/div>\n\t\t\t\t<\/div>\n\t\t\t\t<\/div>\n\t\t\t\t<div class=\"elementor-element elementor-element-73edcf57 elementor-widget elementor-widget-text-editor\" data-id=\"73edcf57\" data-element_type=\"widget\" data-e-type=\"widget\" data-widget_type=\"text-editor.default\">\n\t\t\t\t<div class=\"elementor-widget-container\">\n\t\t\t\t\t\t\t\t\t<p><strong>\u00a0<\/strong><\/p><p><strong>\u00a0<\/strong><span style=\"color: var( --e-global-color-text ); text-align: var(--text-align); font-size: 0.9375rem;\">Argentino, nace en Buenos Aires en el barrio de Parque Patricios.<\/span><\/p><p><span style=\"color: var( --e-global-color-text ); text-align: var(--text-align); font-size: 0.9375rem;\">\u00a0<\/span><\/p><p><strong>\u2022 Formaci\u00f3n:<\/strong><\/p><p>Dise\u00f1o de P\u00e1ginas Web &#8211; Instituto Terciario Rossello.<br \/>Dise\u00f1o Editorial &#8211; Instituto Terciario Rossello<br \/>Dise\u00f1o Fotogr\u00e1fico Avanzado &#8211; Instituto Ntra. Sra. De la Misericordia<br \/>Master en Dise\u00f1o Gr\u00e1fico &#8211; Instituto Argentino de Computaci\u00f3n.<br \/>Historia del Arte \u2013 Ang\u00e9lica Landreani.<\/p><p>\u00a0<\/p><p><strong>\u2022 Muestras Individuales:<\/strong><\/p><p>2015: UCES, Universidad de Ciencias Empresariales y Sociales.<br \/>2014: Cladd Resto Bar.<br \/>2013: Cladd Resto Bar.<br \/>2012: Sala H Van A \u2013 R van R.<br \/>2009: El Monasterio \u2013 Galer\u00eda Braque.<br \/>2007: Caballito Shopping Center.<br \/>2007: Los 36 Billares.<br \/>2006: Centro de Exposiciones Alberto Bruzzone.<br \/>2006: Los 36 Billares.<br \/>2005: El Monasterio \u2013 Galer\u00eda Braque.<br \/>2005: Centro de Exposiciones Alberto Bruzzone.<br \/>2005: Centro Cultural Marco Del Pont.<\/p><p>\u00a0<\/p><p><strong>\u2022 Exposiciones y Salones:<\/strong><\/p><p>2025: Muestra Colectiva Amo.Resto \u2013 Braque Galeria de Arte<\/p><p class=\"MsoNormal\" style=\"text-align: justify; tab-stops: 18.0pt;\"><span lang=\"ES-TRAD\" style=\"font-size: 12.0pt; font-family: 'Tahoma',sans-serif;\">2024: Muestra Colectiva Pinamar 2024\/2025 \u2013 Braque Galeria de Arte<\/span><\/p><p class=\"MsoNormal\" style=\"text-align: justify; tab-stops: 18.0pt;\"><span lang=\"ES-TRAD\" style=\"font-size: 12.0pt; font-family: 'Tahoma',sans-serif;\">2024: Muestra Colectiva Fiesta de Fin de A\u00f1o \u2013 Braque Galeria de Arte<\/span><\/p><p>2023: Muestra Colectiva con la Critica de Julio Sapollnik \u2013 Galer\u00eda Forma.<br \/>2019: Muestra Colectiva Pinamar 2019\/2020 \u2013 Galer\u00eda Braque.<br \/>2019: Muestra Colectiva Museo de Bellas Artes Fernan Felix De Amador\u2013 Lujan Galer\u00eda Braque.<br \/>2019: Muestra Colectiva 48\u00b0 Aniversario Galer\u00eda Braque \u2013 C.C. Borges.<br \/>2018: Muestra Colectiva Pinamar 2018\/2019 \u2013 Galer\u00eda Braque.<br \/>2018: Muestra Colectiva 47\u00b0 Aniversario Galer\u00eda Braque \u2013 C.C. Borges.<br \/>2018: Muestra Colectiva Inauguraci\u00f3n Nuevo Espacio \u2013 Galer\u00eda Braque.<br \/>2017: Muestra colectiva con la Critica de Julio Sapollnik &#8211; Galer\u00eda Forma.<br \/>2017: Muestra Colectiva Feria Fant\u00e1stica de Artistas &#8211; Espacio 10 Arte.<br \/>2017: Muestra Colectiva Gallery Day Octubre &#8211; Galer\u00eda Forma.<br \/>2017: Muestra Colectiva Gallery Day Diciembre &#8211; Galer\u00eda Forma.<br \/>2016: Black E White \u2013 Galer\u00eda Braque.<br \/>2016: Gallery Day \u2013 Galer\u00eda Forma.<br \/>2016: Festival Tango Arte \u2013 Espacio 10 Arte.<br \/>2016: Muestra Colectiva, con la Critica de Alfredo Cernadas \u2013 Galer\u00eda Forma.<br \/>2015: Sal\u00f3n Unidos por el Arte \u2013 GD \u2013 Galer\u00eda de Abasto.<br \/>2015: Sal\u00f3n Colores de Oto\u00f1o \u2013 GD &#8211; Galer\u00eda de Abasto.<br \/>2015: Pinamar Muestra Colectiva \u2013 Hotel: Libertador &#8211; Galer\u00eda Braque.<br \/>2014: Centro Cultura America \u2013 Salta \u2013 Muestra Colectiva \u2013 Galer\u00eda Braque.<br \/>2014: Museo Casa Arias Rengel \u2013 Salta \u2013 Muestra Colectiva \u2013 Galer\u00eda Braque.<br \/>2014: Centro Cultural Borges \u2013 Muestra Colectiva \u2013 Galer\u00eda Braque.<br \/>2014: Centro Cultural Borges \u2013 Muestra Colectiva \u2013 Galer\u00eda Forma.<br \/>2014: Museo Palmira Scrosoppi \u2013 San Luis \u2013 Muestra Colectiva \u2013 GD \u2013 Galer\u00eda de Abasto.<br \/>2014: Pinamar Muestra Colectiva \u2013 Hoteles: Libertador, La Golondrina, Nitra I, Hosteria Candela \u2013 Galer\u00eda Braque.<br \/>2013: Asociaci\u00f3n Argentina Cultura Brit\u00e1nica \u2013 Nueva C\u00f3rdoba \u2013 C\u00f3rdoba &#8211; GD \u2013 Galer\u00eda de Abasto.<br \/>2013: Arte Salta \u2013 El Palacio Patio de las Artes \u2013 Galer\u00eda Braque.<br \/>2013: Feria de Arte Contempor\u00e1neo \u2013 Rosario \u2013 Santa Fe \u2013 Galer\u00eda Forma.<br \/>2013: Universidad Tecnol\u00f3gica Nacional &#8211; GD Galer\u00eda de Abasto.<br \/>2013: Pinamar Muestra Colectiva \u2013 Hoteles: Libertador, Candela \u2013 Mensajero de la Costa \u2013 Galer\u00eda Braque.<br \/>2012: Museo Palmira Scrosoppi \u2013 San Luis \u2013 Muestra Colectiva \u2013 GD \u2013 Galer\u00eda de Abasto.<br \/>2012: Arte en Primavera &#8211; Galer\u00eda Larreta \u2013 GD \u2013 Galer\u00eda de Abasto.<br \/>2012: Sal\u00f3n XI Aniversario \u2013 GD Galer\u00eda de Abasto.<br \/>2012: Semana del Arte \u2013 R van R.<br \/>2012: Semana del Arte \u2013 Galer\u00eda Forma.<br \/>2012: Arte Salta \u2013 El Palacio Patio de las Artes \u2013 Galer\u00eda Braque.<br \/>2012: Festival Tango Arte \u2013 Espacio 10.<br \/>2012: Sal\u00f3n Elevaci\u00f3n C\u00f3smica del Arte \u2013 GD Galer\u00eda de Abasto.<br \/>2012: Arte e Independencia \u2013 GD Galer\u00eda de Abasto.<br \/>2012: Sal\u00f3n de la Amistad \u2013 R van R.<br \/>2012: Muestra Colectiva \u2013 Galer\u00eda Forma.<br \/>2012: Arteclasica \u2013 Costa Salguero \u2013 Galer\u00eda Braque.<br \/>2012: Pinamar Muestra Colectiva \u2013 Hoteles: Libertador, Nitra I, Golondrina \u2013 Galer\u00eda Braque.<br \/>2011: Museo Palmira Scrosoppi \u2013 San Luis \u2013 Muestra Colectiva \u2013 Gal. Braque.<br \/>2011: Semana del Arte \u2013 R van R.<br \/>2011: Muestra Colectiva \u2013 R van R.<br \/>2011: Arte Salta \u2013 El Palacio Patio de las Artes \u2013 Galer\u00eda Braque.<br \/>2011: Muestra Colectiva \u2013 Galer\u00eda Forma.<br \/>2011: Festival Tango Arte \u2013 Espacio 10.<br \/>2011: Arteclasica \u2013 Costa Salguero \u2013 Galer\u00eda Braque.<br \/>2011: Museo Metropolitano \u2013 Galer\u00eda Braque.<br \/>2011: Pinamar Muestra Colectiva \u2013 Hoteles: Soleado, Nitra I, Hoster\u00eda Candela y Diario Mensajero de la Costa \u2013 Galer\u00eda Braque.<br \/>2010: Sal\u00f3n Project Gift \u2013 Galer\u00eda Braque.<br \/>2010: Museo Palmira Scrosoppi \u2013 San Luis \u2013 Muestra Colectiva \u2013 Gal. Braque.<br \/>2010: Fedema \u2013 Formosa \u2013 Muestra Colectiva \u2013 Galer\u00eda Braque.<br \/>2010: Semana del Arte \u2013 Muestra Colectiva \u2013 Galer\u00eda Braque.<br \/>2010: Expo. Mueble \u2013 La Rural \u2013 Galer\u00eda Braque.<br \/>2010: Arte Salta \u2013 El Palacio Patio de las Artes \u2013 Galer\u00eda Braque.<br \/>2010: Expo. Trastienda \u2013 La Rural \u2013 Galer\u00eda Braque.<br \/>2010: Arteclasica \u2013 La Rural \u2013 Galer\u00eda Braque.<br \/>2010: Museo Metropolitano \u2013 Galer\u00eda Braque.<br \/>2010: Pinamar Muestra Colectiva \u2013 Hoteles: Libertador, Soleado, Villa Mora, Nitra I, Golondrina y Diario Mensajero de la Costa \u2013 Galer\u00eda Braque.<br \/>2009: Sal\u00f3n Project Gift \u2013 Galer\u00eda Braque.<br \/>2009: Feria Internacional en Formosa \u2013 Galer\u00eda Braque.<br \/>2009: Expo. Mueble \u2013 La Rural \u2013 Galer\u00eda Braque.<br \/>2009: Arte Salta \u2013 El Palacio Patio de las Artes \u2013 Galer\u00eda Braque.<br \/>2009: Feria Puro Dise\u00f1o \u2013 La Rural \u2013 Galer\u00eda Braque.<br \/>2009: Pinamar Muestra Colectiva \u2013 Hoteles: Libertador, Villa Mora, Nitra I y Diario Mensajero de la Costa \u2013 Galer\u00eda Braque.<br \/>2008: Feria Internacional en Formosa \u2013 Galer\u00eda Braque.<br \/>2008: Muestra Colectiva \u2013 Galer\u00eda Forma.<br \/>2008: Muestra Colectiva \u2013 Galer\u00eda Braque.<br \/>2008: Espacio 10 Arte \u2013 Muestra Colectiva.<br \/>2007: Casa de la Pcia., de San Luis \u2013 GD \u2013 Galer\u00eda de Abasto.<br \/>2006: Restaurant Armenio Anush \u2013 Muestra Colectiva \u2013 Galer\u00eda Braque.<br \/>2006: Pinamar Muestra Colectiva \u2013 Hoteles: Ciro, Soleado, Andorra, Nitra, Candela y Diario Mensajero de la Costa \u2013 Galer\u00eda Braque.<br \/>2005: Semana del Arte Chandon \u2013 Muestra Colectiva &#8211; Galer\u00eda Braque.<br \/>2005: Pinamar Muestra Colectiva \u2013 Hoteles: Libertador, Cedro Azul, Ciro, Soleado y Figlio \u2013 Galer\u00eda Braque.<br \/>2004: Porte\u00f1a M\u00eda Muestra Colectiva \u2013 Galer\u00eda Braque.<br \/>2003: Galer\u00eda Braque Muestra Colectiva.<br \/>2003: Centro Cultural de los Artistas Muestra Colectiva \u2013 La Boca.<br \/>2003: Galer\u00eda Forma Muestra Colectiva.<br \/>2003: Galer\u00eda Fundaci\u00f3n Amuch\u00e1stegui Luque Muestra Colectiva &#8211; Villa Carlos Paz &#8211; Provincia de C\u00f3rdoba.<br \/>2003: Galer\u00eda Loft Muestra Colectiva.<br \/>2002: Grand Boulevard Hotel.<br \/>2002: Centro Cultural Yukio Mishima.<br \/>2001: Casa de la Provincia de Jujuy.<br \/>2001: Centro Cultural Yukio Mishima.<br \/>2001: Alba Cauci\u00f3n &#8211; Abriendo Caminos en el Arte.<\/p><p>\u00a0<\/p><p><strong>\u2022 Premios obtenidos:<\/strong><\/p><p>2015: Menci\u00f3n Especial del Jurado &#8211; Unidos por el Arte \u2013 GD \u2013 Galer\u00eda de Abasto.<br \/>2015: Menci\u00f3n &#8211; Colores de Oto\u00f1o \u2013 GD &#8211; Galer\u00eda de Abasto.<br \/>2013: Menci\u00f3n \u2013 Sal\u00f3n de Verano &#8211; GD Galer\u00eda de Abasto.<br \/>2013: Menci\u00f3n \u2013 Sal\u00f3n de Verano \u2013 Galer\u00eda Braque.<br \/>2012: Menci\u00f3n &#8211; Sal\u00f3n Elevaci\u00f3n C\u00f3smica del Arte \u2013 GD Galer\u00eda de Abasto.<br \/>2012: 1er. Premio &#8211; Arte e Independencia \u2013 GD Galer\u00eda de Abasto.<br \/>2012: Menci\u00f3n &#8211; Sal\u00f3n XI Aniversario \u2013 GD Galer\u00eda de Abasto.<br \/>2011: Menci\u00f3n \u2013 Sal\u00f3n Primavera \u2013 Pinamar 2011 \u2013 Arte Digital \u2013 Gal. Braque.<br \/>2011: Menci\u00f3n Honorifica &#8211; Sal\u00f3n Verano Pintura y Arte Digital \u2013 Gal.Braque.<br \/>2009: 2do. Premio &#8211; Sal\u00f3n de Libre Expresi\u00f3n \u2013 Galer\u00eda Braque.<br \/>2008: Menci\u00f3n \u2013 Sal\u00f3n Multidisciplinario \u2013 Espacio 10 Arte.<br \/>2007: 2do. Premio \u2013 Sal\u00f3n Fin de A\u00f1o \u2013 Galer\u00eda Braque.<br \/>2006: 3er. Premio \u2013 Sal\u00f3n de Verano &#8211; Galer\u00eda Braque.<br \/>2005: Menci\u00f3n \u2013 2\u00ba Sal\u00f3n Aniversario 30 a\u00f1os \u2013 Galer\u00eda Braque.<br \/>2004: 1er. Premio &#8211; Sal\u00f3n de Libre Expresi\u00f3n \u2013 Galer\u00eda Braque.<br \/>2003: Menci\u00f3n \u2013 X Sal\u00f3n Edea 2003 \u2013 Museo Hist\u00f3rico Antigua Casa de la Moneda.<br \/>2003: Menci\u00f3n Especial del Jurado &#8211; XXXVIII Concurso Arte Digital &#8211; Abriendo Caminos en el Arte Grand Boulevard Hotel.<br \/>2002: 2do. Premio &#8211; XXXI Concurso Arte Digital &#8211; Abriendo Caminos en el Arte Grand Boulevard Hotel.<br \/>2002: Menci\u00f3n &#8211; 2\u00ba Sal\u00f3n de Tango y Folklore &#8211; C.C. Yukio Mishima.<br \/>2002: Menci\u00f3n &#8211; XIII Sal\u00f3n Tema Libre &#8211; C.C. Yukio Mishima.<br \/>2001: 2do. Premio &#8211; XXV Concurso Arte Digital &#8211; Abriendo Caminos en el Arte Hotel Gendarmer\u00eda Nacional.<br \/>2001: Menci\u00f3n &#8211; 1\u00ba Sal\u00f3n de Tango y Folklore &#8211; C.C. Yukio Mishima.<br \/>2001: 1er. Premio &#8211; VIII Concurso Arte Digital &#8211; Abriendo Caminos en el Arte Sala de Arte Alba Cauci\u00f3n.<br \/>1999: 1er. Premio &#8211; Concurso Dise\u00f1o Gr\u00e1fico &#8211; Instituto Ntra. Sra. De la Misericordia.<\/p><p>\u00a0<\/p><p><strong>\u2022 Prensa:<\/strong><\/p><p class=\"MsoNormal\" style=\"text-align: justify;\"><span lang=\"ES\" style=\"font-size: 12.0pt; mso-bidi-font-size: 10.0pt; font-family: 'Tahoma',sans-serif; mso-bidi-font-family: 'Times New Roman'; mso-ansi-language: ES; mso-bidi-font-weight: bold;\">2025: El Mensajero de la Costa &#8211; Pinamar<\/span><\/p><p class=\"MsoNormal\" style=\"text-align: justify;\"><span lang=\"ES\" style=\"font-size: 12.0pt; mso-bidi-font-size: 10.0pt; font-family: 'Tahoma',sans-serif; mso-bidi-font-family: 'Times New Roman'; mso-ansi-language: ES; mso-bidi-font-weight: bold;\">2024: El Mensajero de la Costa \u2013 Pinamar:<\/span><\/p><p><span lang=\"ES\" style=\"font-size: 12.0pt; mso-bidi-font-size: 10.0pt; font-family: 'Tahoma',sans-serif; mso-fareast-font-family: 'Times New Roman'; mso-bidi-font-family: 'Times New Roman'; mso-ansi-language: ES; mso-fareast-language: ES; mso-bidi-language: AR-SA; mso-bidi-font-weight: bold;\"><a href=\"https:\/\/www.diario-elmensajero.com.ar\/index.php?notaid=16122024838461\">https:\/\/www.diario-elmensajero.com.ar\/index.php?notaid=16122024838461<\/a><\/span><\/p><p>2022: El Mensajero de la Costa &#8211; Pinamar.<br \/>2018: El Mensajero de la Costa &#8211; Pinamar.<br \/>2017: Libro de Arte &#8211; Centro Cultural Borges &#8211; galer\u00eda Forma.<br \/>2017: Revista Magenta: http:\/\/www.revistamagenta.com\/libro-forma-2017\/<br \/>2016: Revista Dios Tango.<br \/>2016: Libro Arte en un Marco de Excelencia &#8211; UCES, Universidad de Ciencias Empresariales y Sociales.<br \/>2014: Milonguero y Bailar\u00edn: https:\/\/milongueroybailarin.wordpress.com\/category\/artistas-plasticos-y-digital-sus-obras\/<br \/>2014: El Mensajero de la Costa &#8211; Pinamar.<br \/>2013: El Mensajero de la Costa &#8211; Pinamar.<br \/>2012: El Mensajero de la Costa &#8211; Pinamar.<br \/>2011: Semana del Arte \u2013 Clasificado del Arte \u2013 R van R.<br \/>2011: El Mensajero de la Costa &#8211; Pinamar.<br \/>2011: Clar\u00edn \u2013 Panorama de la Pl\u00e1stica.<br \/>2010: Reportaje Canal 13 \u2013 San Luis.<br \/>2010: Reportaje Canal 12 Merlo \u2013 San Luis.<br \/>2010: Clar\u00edn \u2013 Panorama de la Pl\u00e1stica.<br \/>2010: La Naci\u00f3n \u2013 Agenda Cultural.<br \/>2009: Clar\u00edn \u2013 Panorama de la Pl\u00e1stica.<br \/>2008: Libro 20 a\u00f1os Galer\u00eda Forma.<br \/>2007: Revista Promocionarte 2007 \u2013 Galer\u00eda Loft Espacio Alfa.<br \/>2006: El mensajero de la costa &#8211; Pinamar.<br \/>2005: Clar\u00edn \u2013 Panorama de la Pl\u00e1stica.<br \/>2005: La Naci\u00f3n \u2013 Agenda Cultural.<br \/>2005: Gobierno de la Ciudad de Buenos Aires \u2013 \u00c1rea: Cultura.<br \/>2004: El mensajero de la costa &#8211; Pinamar.<br \/>2003: Clar\u00edn \u2013 Panorama de la Pl\u00e1stica.<\/p><p>\u00a0<\/p><p><strong>\u2022 Participaciones Internacionales:<\/strong><\/p><p>2013: Feria Internacional de Arte Contempor\u00e1neo \u2013 Montevideo \u2013 Uruguay \u2013 Galer\u00eda Forma.<br \/>2012: Art Shopping Paris \u2013 Carrousel du Luvre \u2013 Paris \u2013 Francia \u2013 Gal.Braque.<br \/>2011: The Mosaic Project International Artexpo New York \u2013 Galer\u00eda Braque.<br \/>2010: Art. M\u00f3naco Sal\u00f3n d\u00b4Art Contempoain Edition Speciale \u2013 Principado de M\u00f3naco &#8211; Galer\u00eda Braque.<br \/>2007: Exposici\u00f3n Colectiva Artistas Latinos &#8211; Galer\u00eda Artexpresion- Miami \u2013USA.<br \/>2007: Concurso Internacional Im\u00e1genes de Ensue\u00f1o- Galer\u00eda Artexpresion- Miami \u2013USA.<br \/>2004: MODA Museum of Digital Art \u2013 Miami \u2013 USA.<br \/>2004: Muestra Internacional de Arte Digital \u2013 Artsublime \u2013 Miami \u2013 USA.<br \/>2003: Muestra Internacional de Arte Digital \u2013 Artsublime \u2013 Miami \u2013 USA.<br \/>2003: Muestra Internacional de Arte Digital \u2013 Galer\u00eda Artexpresion \u2013 Miami \u2013 USA.<\/p>\t\t\t\t\t\t\t\t<\/div>\n\t\t\t\t<\/div>\n\t\t\t\t\t<\/div>\n\t\t\t\t<\/div>\n\t\t<div class=\"elementor-element elementor-element-6108bb5 e-flex e-con-boxed e-con e-parent\" data-id=\"6108bb5\" data-element_type=\"container\" data-e-type=\"container\">\n\t\t\t\t\t<div class=\"e-con-inner\">\n\t\t\t\t\t<\/div>\n\t\t\t\t<\/div>\n\t\t\t\t<\/div>\n\t\t","protected":false},"excerpt":{"rendered":"<p>CURRICULUM VITAE Carlos Oscar Beaudean \u00a0 \u00a0Argentino, nace en Buenos Aires en el barrio de Parque Patricios. \u00a0 \u2022 Formaci\u00f3n: Dise\u00f1o de P\u00e1ginas Web &#8211; Instituto Terciario Rossello.Dise\u00f1o Editorial &#8211; Instituto Terciario RosselloDise\u00f1o Fotogr\u00e1fico Avanzado &#8211; Instituto Ntra. Sra. De la MisericordiaMaster en Dise\u00f1o Gr\u00e1fico &#8211; Instituto Argentino de Computaci\u00f3n.Historia&#8230;<\/p>\n","protected":false},"author":2,"featured_media":0,"parent":0,"menu_order":0,"comment_status":"closed","ping_status":"closed","template":"","meta":{"om_disable_all_campaigns":false,"_monsterinsights_skip_tracking":false,"_monsterinsights_sitenote_active":false,"_monsterinsights_sitenote_note":"","_monsterinsights_sitenote_category":0,"footnotes":""},"class_list":["post-1366","page","type-page","status-publish","hentry"],"aioseo_notices":[],"_links":{"self":[{"href":"https:\/\/artecb.com.ar\/cb\/wp-json\/wp\/v2\/pages\/1366","targetHints":{"allow":["GET"]}}],"collection":[{"href":"https:\/\/artecb.com.ar\/cb\/wp-json\/wp\/v2\/pages"}],"about":[{"href":"https:\/\/artecb.com.ar\/cb\/wp-json\/wp\/v2\/types\/page"}],"author":[{"embeddable":true,"href":"https:\/\/artecb.com.ar\/cb\/wp-json\/wp\/v2\/users\/2"}],"replies":[{"embeddable":true,"href":"https:\/\/artecb.com.ar\/cb\/wp-json\/wp\/v2\/comments?post=1366"}],"version-history":[{"count":58,"href":"https:\/\/artecb.com.ar\/cb\/wp-json\/wp\/v2\/pages\/1366\/revisions"}],"predecessor-version":[{"id":2005,"href":"https:\/\/artecb.com.ar\/cb\/wp-json\/wp\/v2\/pages\/1366\/revisions\/2005"}],"wp:attachment":[{"href":"https:\/\/artecb.com.ar\/cb\/wp-json\/wp\/v2\/media?parent=1366"}],"curies":[{"name":"wp","href":"https:\/\/api.w.org\/{rel}","templated":true}]}}